  {"version":"1.0","provider_name":"Fondation B\u00e9ati","provider_url":"https:\/\/fondationbeati.org\/en\/","author_name":"msakkal","author_url":"https:\/\/fondationbeati.org\/en\/actualite\/author\/msakkal\/","title":"Spiritualit\u00e9 et r\u00e9insertion sociale r\u00e9ussie - Fondation B\u00e9ati - Operating in Quebec since 1990","type":"rich","width":600,"height":338,"html":"<blockquote class=\"wp-embedded-content\" data-secret=\"jPGBoVb2mF\"><a href=\"https:\/\/fondationbeati.org\/en\/initiatives\/spiritualite-et-reinsertion-sociale-reussie\/\">Spiritualit\u00e9 et r\u00e9insertion sociale r\u00e9ussie<\/a><\/blockquote><iframe sandbox=\"allow-scripts\" security=\"restricted\" src=\"https:\/\/fondationbeati.org\/en\/initiatives\/spiritualite-et-reinsertion-sociale-reussie\/embed\/#?secret=jPGBoVb2mF\" width=\"600\" height=\"338\" title=\"&#8220;Spiritualit\u00e9 et r\u00e9insertion sociale r\u00e9ussie&#8221; &#8212; Fondation B\u00e9ati\" data-secret=\"jPGBoVb2mF\" frameborder=\"0\" marginwidth=\"0\" marginheight=\"0\" scrolling=\"no\" class=\"wp-embedded-content\"><\/iframe><script type=\"text\/javascript\">\n\/* <![CDATA[ *\/\n\/*! This file is auto-generated *\/\n!function(d,l){\"use strict\";l.querySelector&&d.addEventListener&&\"undefined\"!=typeof URL&&(d.wp=d.wp||{},d.wp.receiveEmbedMessage||(d.wp.receiveEmbedMessage=function(e){var t=e.data;if((t||t.secret||t.message||t.value)&&!\/[^a-zA-Z0-9]\/.test(t.secret)){for(var s,r,n,a=l.querySelectorAll('iframe[data-secret=\"'+t.secret+'\"]'),o=l.querySelectorAll('blockquote[data-secret=\"'+t.secret+'\"]'),c=new RegExp(\"^https?:$\",\"i\"),i=0;i<o.length;i++)o[i].style.display=\"none\";for(i=0;i<a.length;i++)s=a[i],e.source===s.contentWindow&&(s.removeAttribute(\"style\"),\"height\"===t.message?(1e3<(r=parseInt(t.value,10))?r=1e3:~~r<200&&(r=200),s.height=r):\"link\"===t.message&&(r=new URL(s.getAttribute(\"src\")),n=new URL(t.value),c.test(n.protocol))&&n.host===r.host&&l.activeElement===s&&(d.top.location.href=t.value))}},d.addEventListener(\"message\",d.wp.receiveEmbedMessage,!1),l.addEventListener(\"DOMContentLoaded\",function(){for(var e,t,s=l.querySelectorAll(\"iframe.wp-embedded-content\"),r=0;r<s.length;r++)(t=(e=s[r]).getAttribute(\"data-secret\"))||(t=Math.random().toString(36).substring(2,12),e.src+=\"#?secret=\"+t,e.setAttribute(\"data-secret\",t)),e.contentWindow.postMessage({message:\"ready\",secret:t},\"*\")},!1)))}(window,document);\n\/\/# sourceURL=https:\/\/fondationbeati.org\/wp-includes\/js\/wp-embed.min.js\n\/* ]]> *\/\n<\/script>\n","description":"Poursuite et d\u00e9veloppement du programme mis en place en phase 1, soit: am\u00e9liorer\/adapter l\u2019offre et mettre en place de nouvelles r\u00e9ponses pour offrir un accompagnement spirituel \u00e0 des personnes judiciaris\u00e9es dans l\u2019optique de leur r\u00e9insertion sociale (et ce dans un mouvement de visibilit\u00e9, ouverture et autonomisation de l\u2019organisme).","thumbnail_url":"https:\/\/fondationbeati.org\/wp-content\/uploads\/2025\/09\/Yoast.png","thumbnail_width":1200,"thumbnail_height":675}