  {"version":"1.0","provider_name":"Fondation B\u00e9ati","provider_url":"https:\/\/fondationbeati.org\/en\/","author_name":"msakkal","author_url":"https:\/\/fondationbeati.org\/en\/actualite\/author\/msakkal\/","title":"R\u00e9seau de groupes de th\u00e9\u00e2tre pan-Nunavik \u2013 Phase 1 - Fondation B\u00e9ati - Operating in Quebec since 1990","type":"rich","width":600,"height":338,"html":"<blockquote class=\"wp-embedded-content\" data-secret=\"2vhRDMQzkb\"><a href=\"https:\/\/fondationbeati.org\/en\/initiatives\/projet-de-developpement-phase-1\/\">R\u00e9seau de groupes de th\u00e9\u00e2tre pan-Nunavik \u2013 Phase 1<\/a><\/blockquote><iframe sandbox=\"allow-scripts\" security=\"restricted\" src=\"https:\/\/fondationbeati.org\/en\/initiatives\/projet-de-developpement-phase-1\/embed\/#?secret=2vhRDMQzkb\" width=\"600\" height=\"338\" title=\"&#8220;R\u00e9seau de groupes de th\u00e9\u00e2tre pan-Nunavik \u2013 Phase 1&#8221; &#8212; Fondation B\u00e9ati\" data-secret=\"2vhRDMQzkb\" frameborder=\"0\" marginwidth=\"0\" marginheight=\"0\" scrolling=\"no\" class=\"wp-embedded-content\"><\/iframe><script type=\"text\/javascript\">\n\/* <![CDATA[ *\/\n\/*! This file is auto-generated *\/\n!function(d,l){\"use strict\";l.querySelector&&d.addEventListener&&\"undefined\"!=typeof URL&&(d.wp=d.wp||{},d.wp.receiveEmbedMessage||(d.wp.receiveEmbedMessage=function(e){var t=e.data;if((t||t.secret||t.message||t.value)&&!\/[^a-zA-Z0-9]\/.test(t.secret)){for(var s,r,n,a=l.querySelectorAll('iframe[data-secret=\"'+t.secret+'\"]'),o=l.querySelectorAll('blockquote[data-secret=\"'+t.secret+'\"]'),c=new RegExp(\"^https?:$\",\"i\"),i=0;i<o.length;i++)o[i].style.display=\"none\";for(i=0;i<a.length;i++)s=a[i],e.source===s.contentWindow&&(s.removeAttribute(\"style\"),\"height\"===t.message?(1e3<(r=parseInt(t.value,10))?r=1e3:~~r<200&&(r=200),s.height=r):\"link\"===t.message&&(r=new URL(s.getAttribute(\"src\")),n=new URL(t.value),c.test(n.protocol))&&n.host===r.host&&l.activeElement===s&&(d.top.location.href=t.value))}},d.addEventListener(\"message\",d.wp.receiveEmbedMessage,!1),l.addEventListener(\"DOMContentLoaded\",function(){for(var e,t,s=l.querySelectorAll(\"iframe.wp-embedded-content\"),r=0;r<s.length;r++)(t=(e=s[r]).getAttribute(\"data-secret\"))||(t=Math.random().toString(36).substring(2,12),e.src+=\"#?secret=\"+t,e.setAttribute(\"data-secret\",t)),e.contentWindow.postMessage({message:\"ready\",secret:t},\"*\")},!1)))}(window,document);\n\/\/# sourceURL=https:\/\/fondationbeati.org\/wp-includes\/js\/wp-embed.min.js\n\/* ]]> *\/\n<\/script>\n","description":"Phase 1 du projet de d\u00e9veloppement du r\u00e9seau de groupes de th\u00e9\u00e2tre pan Nunavik reliant les 14 communaut\u00e9s du territoire. Ces groupes s\u2019adressent principalement aux jeunes d\u2019\u00e2ge scolaire et aux jeunes adultes en voie de professionnalisation et ont pour objectif d\u2019offrir un espace o\u00f9 les jeunes Nunavimmiut puissent se r\u00e9unir sur base une r\u00e9guli\u00e8re afin de d\u00e9velopper leur pratique th\u00e9\u00e2trale en utilisant leurs modes d\u2019expression traditionnels. Les groupes se retrouvent \u00e0 l\u2019\u00e9cole, au centre jeunesse ou centre communautaire de leur village, les activit\u00e9s de chaque groupe local sont d\u00e9finies par ceux-ci et peuvent prendre diff\u00e9rentes formes. Le r\u00e9seau r\u00e9gional vise \u00e0 accompagner et soutenir le d\u00e9veloppement des groupes locaux. Il permet \u00e9galement de lier les diff\u00e9rents groupes pour favoriser les \u00e9changes intervillages et vise \u00e0 offrir des formations professionnelles aux animateurs et animatrices responsables de chaque groupe afin de les outiller dans l\u2019\u00e9volution de leur pratique.","thumbnail_url":"https:\/\/fondationbeati.org\/wp-content\/uploads\/2025\/09\/Yoast.png","thumbnail_width":1200,"thumbnail_height":675}