  {"version":"1.0","provider_name":"Fondation B\u00e9ati","provider_url":"https:\/\/fondationbeati.org\/en\/","author_name":"msakkal","author_url":"https:\/\/fondationbeati.org\/en\/actualite\/author\/msakkal\/","title":"Forum avenir action communautaire autonome - Fondation B\u00e9ati - Operating in Quebec since 1990","type":"rich","width":600,"height":338,"html":"<blockquote class=\"wp-embedded-content\" data-secret=\"52re3WRIDn\"><a href=\"https:\/\/fondationbeati.org\/en\/initiatives\/forum-avenir-action-communautaire-autonome\/\">Forum avenir action communautaire autonome<\/a><\/blockquote><iframe sandbox=\"allow-scripts\" security=\"restricted\" src=\"https:\/\/fondationbeati.org\/en\/initiatives\/forum-avenir-action-communautaire-autonome\/embed\/#?secret=52re3WRIDn\" width=\"600\" height=\"338\" title=\"&#8220;Forum avenir action communautaire autonome&#8221; &#8212; Fondation B\u00e9ati\" data-secret=\"52re3WRIDn\" frameborder=\"0\" marginwidth=\"0\" marginheight=\"0\" scrolling=\"no\" class=\"wp-embedded-content\"><\/iframe><script type=\"text\/javascript\">\n\/* <![CDATA[ *\/\n\/*! This file is auto-generated *\/\n!function(d,l){\"use strict\";l.querySelector&&d.addEventListener&&\"undefined\"!=typeof URL&&(d.wp=d.wp||{},d.wp.receiveEmbedMessage||(d.wp.receiveEmbedMessage=function(e){var t=e.data;if((t||t.secret||t.message||t.value)&&!\/[^a-zA-Z0-9]\/.test(t.secret)){for(var s,r,n,a=l.querySelectorAll('iframe[data-secret=\"'+t.secret+'\"]'),o=l.querySelectorAll('blockquote[data-secret=\"'+t.secret+'\"]'),c=new RegExp(\"^https?:$\",\"i\"),i=0;i<o.length;i++)o[i].style.display=\"none\";for(i=0;i<a.length;i++)s=a[i],e.source===s.contentWindow&&(s.removeAttribute(\"style\"),\"height\"===t.message?(1e3<(r=parseInt(t.value,10))?r=1e3:~~r<200&&(r=200),s.height=r):\"link\"===t.message&&(r=new URL(s.getAttribute(\"src\")),n=new URL(t.value),c.test(n.protocol))&&n.host===r.host&&l.activeElement===s&&(d.top.location.href=t.value))}},d.addEventListener(\"message\",d.wp.receiveEmbedMessage,!1),l.addEventListener(\"DOMContentLoaded\",function(){for(var e,t,s=l.querySelectorAll(\"iframe.wp-embedded-content\"),r=0;r<s.length;r++)(t=(e=s[r]).getAttribute(\"data-secret\"))||(t=Math.random().toString(36).substring(2,12),e.src+=\"#?secret=\"+t,e.setAttribute(\"data-secret\",t)),e.contentWindow.postMessage({message:\"ready\",secret:t},\"*\")},!1)))}(window,document);\n\/\/# sourceURL=https:\/\/fondationbeati.org\/wp-includes\/js\/wp-embed.min.js\n\/* ]]> *\/\n<\/script>\n","description":"Organisation d\u2019un forum de deux jours sur l\u2019avenir de l\u2019action communautaire autonome qui se tiendra en mars 2020. Le forum s\u2019adresse principalement aux organismes d\u2019ACA, mais aussi aux alli\u00e9.e.s du mouvement communautaire: syndicats, mouvements de la soci\u00e9t\u00e9 civile, mouvements \u00e9tudiants ou autres, etc.","thumbnail_url":"https:\/\/fondationbeati.org\/wp-content\/uploads\/2025\/09\/Yoast.png","thumbnail_width":1200,"thumbnail_height":675}